{"id":3,"date":"2023-10-31T12:48:23","date_gmt":"2023-10-31T12:48:23","guid":{"rendered":"http:\/\/www.serafinitorritadisiena.it\/?page_id=3"},"modified":"2023-11-15T17:01:31","modified_gmt":"2023-11-15T17:01:31","slug":"privacy-policy","status":"publish","type":"page","link":"https:\/\/www.serafinitorritadisiena.it\/privacy-policy\/","title":{"rendered":"Privacy Policy & Cookie Policy"},"content":{"rendered":"\n<p class=\"wp-block-paragraph\"><\/p>\n\n\n\n<p class=\"wp-block-paragraph\">Ai sensi della normativa vigente italiana ed europea sul trattamento dei dati personali, il Titolare del trattamento con questa policy fornisce a visitatori e utenti del sito web <strong>www.serafinitorritadisiena.it <\/strong>(di seguito anche solo il \u201csito\u201d) le informazioni sul trattamento dei loro dati personali raccolti attraverso il sito. Questa policy riguarda questo sito e non altri siti web eventualmente consultati dall\u2019utente tramite la navigazione dei link presenti sul sito, per i quali si rimanda alle informazioni fornite dagli altri siti in merito alla loro gestione della privacy.<br>Le informazioni dettagliate sui trattamenti sono riportate nelle sezioni del testo per i singoli servizi offerti, con lo scopo di definire limiti e modalit\u00e0 del trattamento dei dati per ciascun servizio, in base ai quali il visitatore potr\u00e0, se richiesto ai sensi della normativa, esprimere liberamente il proprio consenso per autorizzare raccolta e trattamento dei suoi dati personali.<\/p>\n\n\n\n<h3 class=\"wp-block-heading\"><strong>Titolare del Trattamento<\/strong><\/h3>\n\n\n\n<p class=\"wp-block-paragraph\">Paolo Serafini ditta agricola individuale<br>Via della Mendola 82 &#8211; 00135 Roma<br>Italia<br>info@serafinitorritadisiena.it<br>Tel. +39 335 327167<\/p>\n\n\n\n<p class=\"wp-block-paragraph\">Paolo Serafini ditta agricola individuale \u00e8 il Titolare dei trattamenti effettuati sui dati personali raccolti e trattati da questo sito. Ai sensi della normativa, art. 37 del Regolamento (UE) 2016\/679 (di seguito \u201cGDPR\u201d), il Titolare non \u00e8 tenuto all\u2019obbligo di nomina del Responsabile della Protezione dei Dati (RPD \/ DPO).<\/p>\n\n\n\n<h3 class=\"wp-block-heading\"><strong>Dati trattati, conferimento e finalit\u00e0 di trattamento<\/strong><\/h3>\n\n\n\n<p class=\"wp-block-paragraph\">I dati personali forniti volontariamente dagli utenti che usufruiscono delle funzionalit\u00e0 del sito, che navigano e visitano il sito, che inoltrano richieste di informazioni attraverso il sito, sono utilizzati al solo fine di eseguire il servizio o la prestazione richiesta. Con esclusione dei dati tecnici di servizio e di navigazione trattati automaticamente e dei dati raccolti mediante cookies tecnici per i quali non \u00e8 richiesto il consenso, l&#8217;utente \u00e8 libero di fornire i dati personali per fruire delle funzionalit\u00e0 e dei servizi offerti dal sito: il mancato conferimento dei dati richiesti pu\u00f2 comportare l&#8217;impossibilit\u00e0 di ottenere il servizio richiesto.<\/p>\n\n\n\n<h4 class=\"wp-block-heading\"><em>Dati tecnici di navigazione<\/em><\/h4>\n\n\n\n<p class=\"wp-block-paragraph\">I sistemi informatici e le procedure software preposte al funzionamento di questo sito acquisiscono, nel corso del loro normale esercizio, alcuni dati la cui trasmissione \u00e8 implicita nell\u2019uso dei protocolli di comunicazione di Internet. In questa categoria di dati rientrano: gli indirizzi IP, il tipo di browser utilizzato, il sistema operativo, il nome di dominio e gli indirizzi di siti web dai quali \u00e8 stato effettuato l\u2019accesso o l\u2019uscita, le informazioni sulle pagine visitate dagli utenti all\u2019interno del sito, l\u2019orario d\u2019accesso, l\u2019analisi di percorso interno e altri parametri relativi al sistema operativo e all\u2019ambiente informatico dell\u2019utente. Tali dati sono trattati in maniera aggregata e non identificativa e potrebbero essere usati dal provider per l\u2019accertamento di responsabilit\u00e0 in caso di ipotetici reati informatici ai danni del sito, dal Titolare possono essere usati per finalit\u00e0 di gestione tecnica dei servizi erogati ed analisi statistica anonima del traffico generato e delle pagine visitate. Questi dati saranno conservati per il tempo necessario all\u2019espletamento delle finalit\u00e0 specificate.<\/p>\n\n\n\n<h4 class=\"wp-block-heading\"><em>Dati forniti dagli utenti attraverso messaggi e-mail<\/em><\/h4>\n\n\n\n<p class=\"wp-block-paragraph\">Il sito pubblica gli indirizzi mail di contatto del Titolare, ai quali ogni persona pu\u00f2 liberamente scrivere: il conferimento dei dati \u00e8 facoltativo. I dati saranno trattati per le finalit\u00e0 specificate dal soggetto interessato che li trasmette e saranno conservati, nel rispetto dei principi di liceit\u00e0, limitazione delle finalit\u00e0 e minimizzazione dei dati, per il tempo necessario al conseguimento delle finalit\u00e0.<\/p>\n\n\n\n<h4 class=\"wp-block-heading\"><\/h4>\n\n\n\n<h3 class=\"wp-block-heading\"><strong>Cookies<\/strong><\/h3>\n\n\n\n<p class=\"wp-block-paragraph\">Paolo Serafini ditta agricola individuale, Titolare del trattamento, fornisce le seguenti informazioni relative ai cookie installati dal sito www.serafinitorritadisiena.it per permettere al visitatore di gestire l\u2019accettazione o il rifiuto, la disabilitazione o la cancellazione dei cookies.<\/p>\n\n\n\n<p class=\"wp-block-paragraph\">I cookies (di seguito \u201ccookie\u201d) sono piccoli files che vengono salvati sul dispositivo dell&#8217;utente durante la navigazione sul sito web, hanno lo scopo di raccogliere informazioni sulla navigazione del sito web da parte dell\u2019utente e possono essere ritrasmessi o riutilizzati in occasione di visite successive. I cookie hanno caratteristiche diverse e sono usati per diverse finalit\u00e0, sia dal titolare del sito che si sta visitando (c.d. cookie di prima parte), sia da altri siti (c.d. cookie di terze parti) perch\u00e9 nel nostro sito sono incorporati strumenti web forniti da terze parti. I cookie possono essere memorizzati in modo permanente sul dispositivo oppure avere una durata variabile (c.d. cookie persistenti), altrimenti sono temporanei e vengono eliminati alla chiusura del browser oppure avere una durata limitata (c.d. cookie di sessione). Esistono altre tecnologie come pixel tag, web bug, web storage e altri file e tecnologie simili che possono svolgere le stesse funzioni dei cookie, nella presente Cookie Policy utilizziamo il termine &#8220;cookie&#8221; anche per tutte queste tecnologie simili.<\/p>\n\n\n\n<h4 class=\"wp-block-heading\"><em>Cookies di sessione<\/em><\/h4>\n\n\n\n<p class=\"wp-block-paragraph\">La loro durata corrisponde alla sessione di utilizzo del browser e si cancellano automaticamente alla chiusura di quest\u2019ultimo.<\/p>\n\n\n\n<h4 class=\"wp-block-heading\"><em>Cookies persistenti<\/em><\/h4>\n\n\n\n<p class=\"wp-block-paragraph\">Rimangono memorizzati sul dispositivo di navigazione fino alla data di scadenza prevista, oppure sono cancellati dall\u2019utente prima della scadenza.<\/p>\n\n\n\n<h4 class=\"wp-block-heading\"><em>Cookie necessari<\/em><\/h4>\n\n\n\n<p class=\"wp-block-paragraph\">I cookie necessari sono quelli di tipo tecnico\/ funzionale e servono per la navigazione e fruizione del sito web, sono usati per assicurare il corretto funzionamento del sito o per gestire determinate funzioni di erogazione del sito in base alle scelte dell\u2019utente, sono necessari e la loro disattivazione pu\u00f2 significare la perdita di funzionalit\u00e0 del sito o l\u2019impossibilit\u00e0 di navigarlo correttamente. Questi cookie possono essere di sessione o persistenti, di prima parte ovvero depositati direttamente dal nostro sito o dominio ma anche di terze parti, gestiti da altri siti web o domini diversi con i quali il nostro sito interagisce.<br>Non serve il consenso del visitatore per questo genere di cookie.<\/p>\n\n\n\n<h4 class=\"wp-block-heading\"><em>Cookies analitici<\/em><\/h4>\n\n\n\n<p class=\"wp-block-paragraph\">Nel sito usiamo cookie analitici e di statistica, per i quali si informa il visitatore prima dell\u2019accesso al sito e si richiede il consenso: questi cookie sono registrati sul dispositivo solo se l\u2019utente li accetta.<br>Usiamo questi cookie per raccogliere e analizzare il traffico e l\u2019utilizzo del sito in modo anonimo: senza identificare direttamente l\u2019utente, permettono di monitorare gli accessi al sito e migliorarne le prestazioni e l\u2019usabilit\u00e0. Usiamo i servizi di terza parte forniti da Google Analytics&nbsp; con anonimizzazione mediante il mascheramento parziale dell\u2019indirizzo IP dell\u2019utente, in questo modo la terza parte non \u00e8 in grado di acquisire l\u2019indirizzo IP completo dell\u2019utente. Per ulteriori informazioni: <a href=\"https:\/\/support.google.com\/analytics\/answer\/6004245\">https:\/\/support.google.com\/analytics\/answer\/6004245<\/a><br>I dati raccolti presso l&#8217;utente da questi cookie sono trasmessi a provider o fornitori di servizi web collocati negli Stati Uniti (USA) quindi al di fuori dall\u2019Unione Europea. Nel rispetto dei principi e requisiti di artt. 44 e 49 del GDPR per il trasferimento extra-UE, la base giuridica per il trasferimento \u00e8 il consenso preventivo ai sensi di art. 6 par. 1 lett. a) del GDPR, che l\u2019interessato pu\u00f2 dare attraverso il Cookie Banner di accesso al sito mediante le impostazioni selettive sui cookies facoltativi.<br>Per ulteriori informazioni: <a href=\"https:\/\/www.google.it\/policies\/privacy\/partners\/\">https:\/\/www.google.it\/policies\/privacy\/partners\/<br><\/a>La disattivazione di tali cookie pu\u00f2 essere eseguita senza alcuna perdita di funzionalit\u00e0, l\u2019utente pu\u00f2 anche disabilitare in modo selettivo l\u2019azione di Google Analytics installando sul proprio browser la componente di opt-out fornito da Google: <a href=\"https:\/\/tools.google.com\/dlpage\/gaoptout\">https:\/\/tools.google.com\/dlpage\/gaoptout<\/a><\/p>\n\n\n\n<h4 class=\"wp-block-heading\"><em>Link verso altri siti&nbsp;<\/em><\/h4>\n\n\n\n<p class=\"wp-block-paragraph\">Nelle pagine del sito vi sono link per visitare altri siti web di terze parti, l&#8217;uso di tali funzionalit\u00e0 porta l\u2019utente ad interagire con i servizi web offerti dai siti di terze parti e implica lo scambio di informazioni con tali siti, il visitatore esce dal nostro sito per accedere al sito di terza parte, dove la gestione delle informazioni del visitatore \u00e8 effettuata in modo autonomo dalla terza parte.<\/p>\n\n\n\n<h4 class=\"wp-block-heading\"><em>Social Media<\/em><\/h4>\n\n\n\n<p class=\"wp-block-paragraph\">Nel sito vi sono i link per visitare le pagine dei nostri profili sui diversi Social Networks quali Facebook, YouTube, Linkedin, Instagram, Twitter, oppure per visualizzare video o altri contenuti multimediali che si trovano in questi profili Social. L&#8217;uso di tali pulsanti e funzionalit\u00e0 porta l\u2019utente ad interagire con i servizi web offerti dai siti di terze parti e implica lo scambio di informazioni con tali siti; la gestione delle informazioni e le modalit\u00e0 per eliminarle \u00e8 regolamentata dalle terze parti. Ad esempio, quando nel sito viene visitato il link verso il nostro profilo sul sito di terza parte come Facebook o altri, il browser o l&#8217;app, a seconda dei casi, stabilir\u00e0 un collegamento diretto al sito di terza parte (&#8220;Social Plug-in&#8221;) e trasmetter\u00e0 quindi i dati al direttamente al dominio di terza parte che deposita il cookie. Inoltre, se l&#8217;utente naviga il nostro sito mentre \u00e8 loggato al suo profilo nel social network, ha gi\u00e0 acconsentito all&#8217;uso dei cookie veicolati tramite il social network e la raccolta e l&#8217;uso delle informazioni ottenute dalle terze parti a mezzo del plugin sono regolati dalle rispettive informative privacy dei social network, alle quali si prega di fare riferimento.<\/p>\n\n\n\n<h3 class=\"wp-block-heading\"><strong>Modalit\u00e0 di trattamento e di conservazione<\/strong><\/h3>\n\n\n\n<p class=\"wp-block-paragraph\">I dati sono trattati da personale autorizzato ed istruito dal Titolare nell\u2019ambito delle attivit\u00e0 di competenza, ad esempio per manutenzione del sito web oppure per l\u2019esecuzione di attivit\u00e0 amministrative e commerciali e di assistenza clienti, possono essere comunicati a soggetti terzi nelle categorie di seguito elencate, designati nostri Responsabili per i trattamenti di competenza ai sensi dell\u2019Art. 28 del GDPR, oppure che li ricevono nel ruolo di Titolari autonomi del trattamento.<br>La conservazione dei dati \u00e8 stabilita per il tempo necessario alle finalit\u00e0 di trattamento, in subordine ad eventuali tempi di conservazione richiesti da leggi o norme applicabili ai dati trattati.<br>I dati raccolti con il consenso, ad esempio quelli per la newsletter o per il marketing, sono conservati fino alla richiesta di cancellazione da parte dell\u2019utente oppure fino ad esaurimento delle nostre finalit\u00e0 di trattamento.<\/p>\n\n\n\n<h3 class=\"wp-block-heading\"><strong>Categorie di soggetti ai quali i dati personali possono essere trasmessi<\/strong><\/h3>\n\n\n\n<p class=\"wp-block-paragraph\">Per il perseguimento delle diverse finalit\u00e0 di trattamento il Titolare pu\u00f2 comunicare, mediante trasmissione, i dati personali degli interessati a soggetti terzi nelle categorie di seguito elencate:<\/p>\n\n\n\n<ul class=\"wp-block-list\">\n<li>soggetti individuati per legge;<\/li>\n\n\n\n<li>societ\u00e0 che svolgono servizi bancari per la gestione dei pagamenti e per la piattaforma di e-commerce;<\/li>\n\n\n\n<li>societ\u00e0 o professionisti che forniscono servizi per l\u2019erogazione e la gestione del sito web e per la gestione del sistema informativo del Titolare;<\/li>\n\n\n\n<li>societ\u00e0 o altri soggetti per servizi di spedizione e trasporto delle merci acquistate o rese;<\/li>\n\n\n\n<li>soggetti che prestano attivit\u00e0 di assistenza ai clienti;<\/li>\n\n\n\n<li>societ\u00e0, professionisti, consulenti di supporto alle nostre attivit\u00e0;<\/li>\n<\/ul>\n\n\n\n<p class=\"wp-block-paragraph\">I soggetti appartenenti alle categorie sopra menzionate utilizzeranno i dati ricevuti in qualit\u00e0 di autonomi Titolari del trattamento, salvo il caso in cui siano stati designati nostri Responsabili dei trattamenti di loro specifica competenza: le informazioni sull\u2019elenco dei responsabili potranno essere fornite ai soggetti interessati nell\u2019esercizio dei loro diritti come previsto dal Regolamento. I dati non saranno diffusi in alcun modo e non saranno trasferiti fuori dall\u2019Europa.<\/p>\n\n\n\n<h3 class=\"wp-block-heading\"><strong>Esercizio dei diritti dell\u2019interessato<\/strong><\/h3>\n\n\n\n<p class=\"wp-block-paragraph\">Salvo le limitazioni previste dallo stesso Regolamento, il soggetto interessato potr\u00e0, in qualsiasi momento, esercitare i seguenti diritti previsti dagli articoli da 15 a 22 del GDPR:<\/p>\n\n\n\n<ul class=\"wp-block-list\">\n<li>accesso ai dati personali; rettifica; cancellazione; limitazione del trattamento; opposizione al trattamento; portabilit\u00e0 dei dati;&nbsp;<\/li>\n\n\n\n<li>revoca del consenso, ove previsto: la revoca del consenso non pregiudica la liceit\u00e0 del trattamento basata sul consenso conferito prima della revoca;<\/li>\n\n\n\n<li>informazioni sul processo automatizzato relativo alla profilazione.<\/li>\n<\/ul>\n\n\n\n<p class=\"wp-block-paragraph\">Per esercitare i propri diritti l\u2019interessato deve rivolgersi al Titolare, presso una delle due societ\u00e0 ai recapiti indicati in questa pagina al capitolo \u201cTitolari e Responsabili del Trattamento\u201d. Il soggetto interessato pu\u00f2 anche proporre reclamo, nei termini e modi previsti, presso l\u2019Autorit\u00e0 Garante per la protezione dei dati personali: si invita a consultare <a href=\"http:\/\/www.gpdp.it\">www.gpdp.it<\/a> per maggiori informazioni.<\/p>\n\n\n\n<h3 class=\"wp-block-heading\"><strong>Modifiche alla policy<\/strong><\/h3>\n\n\n\n<p class=\"wp-block-paragraph\">La presente policy regola le modalit\u00e0 di trattamento dei dati personali trattati dal Titolare&nbsp; attraverso il sito web. L\u2019eventuale entrata in vigore di nuove normative di settore, come anche il costante esame e aggiornamento dei servizi all\u2019utente, potrebbe comportare la necessit\u00e0 di variare tali modalit\u00e0. \u00c8 possibile che la nostra policy subisca modifiche nel tempo e invitiamo, pertanto, il visitatore a consultare periodicamente questa pagina. A questo scopo il documento di policy evidenzia la data di aggiornamento.<\/p>\n\n\n\n<p class=\"wp-block-paragraph\">Revisione novembre 2023<\/p>\n","protected":false},"excerpt":{"rendered":"<p>Ai sensi della normativa vigente italiana ed europea sul trattamento dei dati personali, il Titolare del trattamento con questa policy fornisce a visitatori e utenti del sito web www.serafinitorritadisiena.it (di seguito anche solo il \u201csito\u201d) le informazioni sul trattamento dei loro dati personali raccolti attraverso il sito. Questa policy riguarda questo sito e non altri [&hellip;]<\/p>\n","protected":false},"author":1,"featured_media":0,"parent":0,"menu_order":0,"comment_status":"closed","ping_status":"open","template":"","meta":{"footnotes":""},"class_list":["post-3","page","type-page","status-publish","hentry"],"_links":{"self":[{"href":"https:\/\/www.serafinitorritadisiena.it\/wp-json\/wp\/v2\/pages\/3","targetHints":{"allow":["GET"]}}],"collection":[{"href":"https:\/\/www.serafinitorritadisiena.it\/wp-json\/wp\/v2\/pages"}],"about":[{"href":"https:\/\/www.serafinitorritadisiena.it\/wp-json\/wp\/v2\/types\/page"}],"author":[{"embeddable":true,"href":"https:\/\/www.serafinitorritadisiena.it\/wp-json\/wp\/v2\/users\/1"}],"replies":[{"embeddable":true,"href":"https:\/\/www.serafinitorritadisiena.it\/wp-json\/wp\/v2\/comments?post=3"}],"version-history":[{"count":4,"href":"https:\/\/www.serafinitorritadisiena.it\/wp-json\/wp\/v2\/pages\/3\/revisions"}],"predecessor-version":[{"id":165,"href":"https:\/\/www.serafinitorritadisiena.it\/wp-json\/wp\/v2\/pages\/3\/revisions\/165"}],"wp:attachment":[{"href":"https:\/\/www.serafinitorritadisiena.it\/wp-json\/wp\/v2\/media?parent=3"}],"curies":[{"name":"wp","href":"https:\/\/api.w.org\/{rel}","templated":true}]}}